{"id":763,"date":"2017-07-18T17:13:00","date_gmt":"2017-07-18T17:13:00","guid":{"rendered":"http:\/\/broise-art.fr\/journal\/?page_id=763"},"modified":"2023-02-03T17:24:28","modified_gmt":"2023-02-03T17:24:28","slug":"indigo","status":"publish","type":"page","link":"https:\/\/broise-art.fr\/journal\/menu_rivages\/indigo\/","title":{"rendered":"Indigo"},"content":{"rendered":"\t\t<div data-elementor-type=\"wp-post\" data-elementor-id=\"763\" class=\"elementor elementor-763\" data-elementor-post-type=\"page\">\n\t\t\t\t\t\t<section class=\"elementor-section elementor-top-section elementor-element elementor-element-zfgghbm elementor-section-full_width elementor-section-height-default elementor-section-height-default\" data-id=\"zfgghbm\" data-element_type=\"section\">\n\t\t\t\t\t\t<div class=\"elementor-container elementor-column-gap-default\">\n\t\t\t\t\t<div class=\"elementor-column elementor-col-100 elementor-top-column elementor-element elementor-element-jngxekg\" data-id=\"jngxekg\" data-element_type=\"column\">\n\t\t\t<div class=\"elementor-widget-wrap elementor-element-populated\">\n\t\t\t\t\t\t<div class=\"elementor-element elementor-element-mvhlyoq elementor-position-top elementor-widget elementor-widget-image-box\" data-id=\"mvhlyoq\" data-element_type=\"widget\" data-widget_type=\"image-box.default\">\n\t\t\t\t<div class=\"elementor-widget-container\">\n\t\t\t\t\t<div class=\"elementor-image-box-wrapper\"><figure class=\"elementor-image-box-img\"><a href=\"https:\/\/broise-art.fr\/journal\/wp-content\/uploads\/2017\/03\/Indigo-1-sur-2.jpg\" tabindex=\"-1\"><img fetchpriority=\"high\" decoding=\"async\" width=\"1000\" height=\"1000\" src=\"https:\/\/broise-art.fr\/journal\/wp-content\/uploads\/2017\/03\/Indigo-1-sur-2.jpg\" class=\"attachment-full size-full wp-image-385\" alt=\"Indigo. Oeuvre originale\u00a0: tirage Fine Art de l&#039;artiste Christian Broise\" srcset=\"https:\/\/broise-art.fr\/journal\/wp-content\/uploads\/2017\/03\/Indigo-1-sur-2.jpg 1000w, https:\/\/broise-art.fr\/journal\/wp-content\/uploads\/2017\/03\/Indigo-1-sur-2-150x150.jpg 150w, https:\/\/broise-art.fr\/journal\/wp-content\/uploads\/2017\/03\/Indigo-1-sur-2-300x300.jpg 300w, https:\/\/broise-art.fr\/journal\/wp-content\/uploads\/2017\/03\/Indigo-1-sur-2-768x768.jpg 768w\" sizes=\"(max-width: 1000px) 100vw, 1000px\" \/><\/a><\/figure><div class=\"elementor-image-box-content\"><h3 class=\"elementor-image-box-title\"><a href=\"https:\/\/broise-art.fr\/journal\/wp-content\/uploads\/2017\/03\/Indigo-1-sur-2.jpg\">Indigo 1<\/a><\/h3><p class=\"elementor-image-box-description\">Impression pigmentaire<\/p><\/div><\/div>\t\t\t\t<\/div>\n\t\t\t\t<\/div>\n\t\t\t\t<div class=\"elementor-element elementor-element-8n5wtzz elementor-widget elementor-widget-spacer\" data-id=\"8n5wtzz\" data-element_type=\"widget\" data-widget_type=\"spacer.default\">\n\t\t\t\t<div class=\"elementor-widget-container\">\n\t\t\t\t\t\t\t<div class=\"elementor-spacer\">\n\t\t\t<div class=\"elementor-spacer-inner\"><\/div>\n\t\t<\/div>\n\t\t\t\t\t\t<\/div>\n\t\t\t\t<\/div>\n\t\t\t\t\t<\/div>\n\t\t<\/div>\n\t\t\t\t\t<\/div>\n\t\t<\/section>\n\t\t\t\t<section class=\"elementor-section elementor-top-section elementor-element elementor-element-f671n57 elementor-section-full_width elementor-section-height-default elementor-section-height-default\" data-id=\"f671n57\" data-element_type=\"section\">\n\t\t\t\t\t\t<div class=\"elementor-container elementor-column-gap-default\">\n\t\t\t\t\t<div class=\"elementor-column elementor-col-100 elementor-top-column elementor-element elementor-element-g4l2qhn\" data-id=\"g4l2qhn\" data-element_type=\"column\">\n\t\t\t<div class=\"elementor-widget-wrap elementor-element-populated\">\n\t\t\t\t\t\t<div class=\"elementor-element elementor-element-sh4xqxo elementor-position-top elementor-widget elementor-widget-image-box\" data-id=\"sh4xqxo\" data-element_type=\"widget\" data-widget_type=\"image-box.default\">\n\t\t\t\t<div class=\"elementor-widget-container\">\n\t\t\t\t\t<div class=\"elementor-image-box-wrapper\"><figure class=\"elementor-image-box-img\"><a href=\"https:\/\/broise-art.fr\/journal\/wp-content\/uploads\/2017\/03\/Indigo-2-sur-2.jpg\" tabindex=\"-1\"><img decoding=\"async\" width=\"1000\" height=\"1000\" src=\"https:\/\/broise-art.fr\/journal\/wp-content\/uploads\/2017\/03\/Indigo-2-sur-2.jpg\" class=\"attachment-full size-full wp-image-434\" alt=\"Indigo. Oeuvre originale\u00a0: tirage Fine Art de l&#039;artiste Christian Broise\" srcset=\"https:\/\/broise-art.fr\/journal\/wp-content\/uploads\/2017\/03\/Indigo-2-sur-2.jpg 1000w, https:\/\/broise-art.fr\/journal\/wp-content\/uploads\/2017\/03\/Indigo-2-sur-2-150x150.jpg 150w, https:\/\/broise-art.fr\/journal\/wp-content\/uploads\/2017\/03\/Indigo-2-sur-2-300x300.jpg 300w, https:\/\/broise-art.fr\/journal\/wp-content\/uploads\/2017\/03\/Indigo-2-sur-2-768x768.jpg 768w\" sizes=\"(max-width: 1000px) 100vw, 1000px\" \/><\/a><\/figure><div class=\"elementor-image-box-content\"><h3 class=\"elementor-image-box-title\"><a href=\"https:\/\/broise-art.fr\/journal\/wp-content\/uploads\/2017\/03\/Indigo-2-sur-2.jpg\">Indigo 2<\/a><\/h3><p class=\"elementor-image-box-description\">Impression pigmentaire<\/p><\/div><\/div>\t\t\t\t<\/div>\n\t\t\t\t<\/div>\n\t\t\t\t\t<\/div>\n\t\t<\/div>\n\t\t\t\t\t<\/div>\n\t\t<\/section>\n\t\t\t\t<section class=\"elementor-section elementor-top-section elementor-element elementor-element-tqmyltk elementor-section-height-min-height elementor-section-content-middle elementor-section-boxed elementor-section-height-default elementor-section-items-middle\" data-id=\"tqmyltk\" data-element_type=\"section\">\n\t\t\t\t\t\t<div class=\"elementor-container elementor-column-gap-default\">\n\t\t\t\t\t<div class=\"elementor-column elementor-col-100 elementor-top-column elementor-element elementor-element-brbkqmn\" data-id=\"brbkqmn\" data-element_type=\"column\">\n\t\t\t<div class=\"elementor-widget-wrap elementor-element-populated\">\n\t\t\t\t\t\t<div class=\"elementor-element elementor-element-wuofsuz elementor-widget elementor-widget-text-editor\" data-id=\"wuofsuz\" data-element_type=\"widget\" data-widget_type=\"text-editor.default\">\n\t\t\t\t<div class=\"elementor-widget-container\">\n\t\t\t\t\t\t\t\t\t<p style=\"text-align: left;\">\u00ab\u00a0Non pas l&rsquo;oeuvre tendue, sourde, monotone autant que la mer qu&rsquo;on sculpte sans fin &#8211; mais des \u00e9clats, accord\u00e9s \u00e0 l&rsquo;effervescence de la terre &#8211; et qui ouvrent au coeur , par dessus le souci et les affres, une stridence de plages (&#8230;)\u00a0\u00bb<\/p><p style=\"text-align: left;\">Edouard Glissant, Le sang riv\u00e9. Po\u00e9sie\/Gallimard, 1983, p.21<\/p>\t\t\t\t\t\t\t\t<\/div>\n\t\t\t\t<\/div>\n\t\t\t\t<div class=\"elementor-element elementor-element-f2v2s35 elementor-widget elementor-widget-spacer\" data-id=\"f2v2s35\" data-element_type=\"widget\" data-widget_type=\"spacer.default\">\n\t\t\t\t<div class=\"elementor-widget-container\">\n\t\t\t\t\t\t\t<div class=\"elementor-spacer\">\n\t\t\t<div class=\"elementor-spacer-inner\"><\/div>\n\t\t<\/div>\n\t\t\t\t\t\t<\/div>\n\t\t\t\t<\/div>\n\t\t\t\t<div class=\"elementor-element elementor-element-bi258gm elementor-widget elementor-widget-video\" data-id=\"bi258gm\" data-element_type=\"widget\" data-settings=\"{&quot;video_type&quot;:&quot;vimeo&quot;}\" data-widget_type=\"video.default\">\n\t\t\t\t<div class=\"elementor-widget-container\">\n\t\t\t\t\t\t\t<div class=\"elementor-wrapper elementor-open-inline\">\n\t\t\t<iframe class=\"elementor-video-iframe\" allowfullscreen allow=\"clipboard-write\" title=\"Lecteur vid\u00e9o vimeo\" src=\"https:\/\/player.vimeo.com\/video\/83438242?color&amp;autopause=0&amp;loop=0&amp;muted=0&amp;title=1&amp;portrait=1&amp;byline=1#t=\"><\/iframe>\t\t<\/div>\n\t\t\t\t\t\t<\/div>\n\t\t\t\t<\/div>\n\t\t\t\t<div class=\"elementor-element elementor-element-1253f3b elementor-widget elementor-widget-text-editor\" data-id=\"1253f3b\" data-element_type=\"widget\" data-widget_type=\"text-editor.default\">\n\t\t\t\t<div class=\"elementor-widget-container\">\n\t\t\t\t\t\t\t\t\t<p><a href=\"https:\/\/broise-art.fr\/journal\/jacques-coursil-frantz-fanon-1952\/\" target=\"_blank\" rel=\"noopener\">Jacques Coursil<\/a><\/p><p>\u00ab\u00a0Je ne fais pas de musique pour un public d\u00e9termin\u00e9 \u2013 l\u2019\u00eatre humain est un animal musical. Je ne m\u2019adresse pas \u00e0 vous, je plante un arbre : libre \u00e0 vous de grimper dessus et d\u2019en manger les fruits, mais vous pouvez aussi passer \u00e0 c\u00f4t\u00e9 en parfaite indiff\u00e9rence. Les po\u00e8tes ne sont pas des rh\u00e9teurs: ils disent le monde, c\u2019est \u00e0 vous de l\u2019entendre\u00a0\u00bb<\/p><p>Propos de Jacques Coursil cit\u00e9 dans<a href=\"http:\/\/bananierbleu.fr\/1736\/jacques-coursil-trompette\/\" target=\"_blank\" rel=\"noopener\">\u00a0dans cet article<\/a> du site de musiques jazz afro-carib\u00e9ennes, Le <a href=\"http:\/\/bananierbleu.fr\/home\/\" target=\"_blank\" rel=\"noopener\">Bananier bleu<\/a>. (repris ici avec leur aimable autorisation)<\/p>\t\t\t\t\t\t\t\t<\/div>\n\t\t\t\t<\/div>\n\t\t\t\t<div class=\"elementor-element elementor-element-7c01780 elementor-position-top elementor-widget elementor-widget-image-box\" data-id=\"7c01780\" data-element_type=\"widget\" data-widget_type=\"image-box.default\">\n\t\t\t\t<div class=\"elementor-widget-container\">\n\t\t\t\t\t<div class=\"elementor-image-box-wrapper\"><figure class=\"elementor-image-box-img\"><a href=\"https:\/\/aica-sc.net\/2013\/09\/27\/victor-anicet-restitution\/\" target=\"_blank\" tabindex=\"-1\"><img decoding=\"async\" width=\"300\" height=\"300\" src=\"https:\/\/broise-art.fr\/journal\/wp-content\/uploads\/2018\/03\/restitution1.jpg\" class=\"attachment-full size-full wp-image-1774\" alt=\"Tray par Victor Anicet, c\u00e9ramiste martiniquais\" srcset=\"https:\/\/broise-art.fr\/journal\/wp-content\/uploads\/2018\/03\/restitution1.jpg 300w, https:\/\/broise-art.fr\/journal\/wp-content\/uploads\/2018\/03\/restitution1-150x150.jpg 150w\" sizes=\"(max-width: 300px) 100vw, 300px\" \/><\/a><\/figure><div class=\"elementor-image-box-content\"><h3 class=\"elementor-image-box-title\"><a href=\"https:\/\/aica-sc.net\/2013\/09\/27\/victor-anicet-restitution\/\" target=\"_blank\">Restitution 1<\/a><\/h3><p class=\"elementor-image-box-description\">Travail de Victor Anicet<\/p><\/div><\/div>\t\t\t\t<\/div>\n\t\t\t\t<\/div>\n\t\t\t\t<div class=\"elementor-element elementor-element-f127570 elementor-widget elementor-widget-text-editor\" data-id=\"f127570\" data-element_type=\"widget\" data-widget_type=\"text-editor.default\">\n\t\t\t\t<div class=\"elementor-widget-container\">\n\t\t\t\t\t\t\t\t\t<p>Victor Anicet n&rsquo;utilise pas le bleu indigo, le bleu de l&rsquo;esclavage, le bleu colonial, comme il le nomme, mais un bleu qu&rsquo;il fabrique \u00e0 partir de baies qu&rsquo;il ramasse sur son \u00eele et fait cuire au bain-marie pour obtenir un autre bleu.<\/p><p><a href=\"https:\/\/www.youtube.com\/watch?v=qzAucTYRODQ\">Vid\u00e9o.<\/a> Victor Anicet, c\u00e9ramiste et artiste martiniquais, son travail et sa conception du bleu (vers\u00a0 13&rsquo;50\u00a0\u00bb)<\/p>\t\t\t\t\t\t\t\t<\/div>\n\t\t\t\t<\/div>\n\t\t\t\t<div class=\"elementor-element elementor-element-512560f elementor-widget elementor-widget-text-editor\" data-id=\"512560f\" data-element_type=\"widget\" data-widget_type=\"text-editor.default\">\n\t\t\t\t<div class=\"elementor-widget-container\">\n\t\t\t\t\t\t\t\t\t<h4 style=\"text-align: center;\">Le bleu\u00a0: Ab\u00eeme et trait d\u2019union<\/h4><p>Le tray, r\u00e9p\u00e9tons-le, est in\u00e9luctablement li\u00e9 au bleu. Dans cette juxtaposition du fini du cadre et de l\u2019infini de la couleur oc\u00e9anique, Anicet mat\u00e9rialise l\u2019id\u00e9e d\u2019un infini contenu. Le cadre, qui restreint en p\u00e9riph\u00e9rie, ne limite ni en profondeur ni en polys\u00e9mie. Comme nous l\u2019avons remarqu\u00e9, les couches de bleus se superposent l\u2019une \u00e0 l\u2019autre dans un ab\u00eeme dont le fond ne peut \u00eatre vu. La d\u00e9finition du bleu ne peut \u00eatre fix\u00e9e. Elle d\u00e9signe \u00e0 la fois la surface belle, gaie et scintillante de l\u2019oc\u00e9an ainsi que ses profondeurs bleu-nuit travaill\u00e9es par la m\u00e9moire du passage transatlantique et du deuil. Elle marque l\u2019interruption (entre les carr\u00e9s) et la continuit\u00e9 (en reliant ces m\u00eames carr\u00e9s). Le bleu est \u00e0 la fois l\u2019encre qui \u00e9crit et la tache qui recouvre. Anicet utilise la couleur bleue comme une m\u00e9taphore des cheminements et processus qui caract\u00e9risent la formation de cette identit\u00e9 \u00e9clat\u00e9e, c\u2019est-\u00e0-dire aux sources multiples.<\/p><p>Extrait du texte, <em>Victor Anicet: le pays Martinique; ou , le bleu de la restitution,<\/em> Na\u00efma Hachad et Val\u00e9rie Loichot (disponible sur academia.edu)<\/p>\t\t\t\t\t\t\t\t<\/div>\n\t\t\t\t<\/div>\n\t\t\t\t\t<\/div>\n\t\t<\/div>\n\t\t\t\t\t<\/div>\n\t\t<\/section>\n\t\t\t\t<\/div>\n\t\t","protected":false},"excerpt":{"rendered":"<p>Indigo 1 Impression pigmentaire Indigo 2 Impression pigmentaire \u00ab\u00a0Non pas l&rsquo;oeuvre tendue, sourde, monotone autant que la mer qu&rsquo;on sculpte sans fin &#8211; mais des \u00e9clats, accord\u00e9s \u00e0 l&rsquo;effervescence de la terre &#8211; et qui ouvrent au coeur , par dessus le souci et les affres, une stridence de plages (&#8230;)\u00a0\u00bb Edouard Glissant, Le sang [&hellip;]<\/p>\n","protected":false},"author":1,"featured_media":0,"parent":4702,"menu_order":0,"comment_status":"closed","ping_status":"closed","template":"","meta":{"_seopress_robots_primary_cat":"","_seopress_titles_title":"Indigo. Oeuvre originale\u00a0: tirage Fine Art de l&#039;artiste Christian Broise","_seopress_titles_desc":"Impression pigmentaire sur le th\u00e8me \u00ab\u00a0indigo\u00a0\u00bb par l&#039;artiste Christian Broise. L\u2019\u0153uvre est le r\u00e9sultat d&#039;un travail bas\u00e9 sur l&#039;exploitation du mat\u00e9riau photographique. Le tirage est effectu\u00e9 par l&#039;artiste lui-m\u00eame et donne lieu \u00e0 une s\u00e9rie de 7 exemplaires maximum (tous formats confondus), certifi\u00e9s et sign\u00e9s.","_seopress_robots_index":"","footnotes":""},"class_list":["post-763","page","type-page","status-publish","hentry","entry"],"_links":{"self":[{"href":"https:\/\/broise-art.fr\/journal\/wp-json\/wp\/v2\/pages\/763","targetHints":{"allow":["GET"]}}],"collection":[{"href":"https:\/\/broise-art.fr\/journal\/wp-json\/wp\/v2\/pages"}],"about":[{"href":"https:\/\/broise-art.fr\/journal\/wp-json\/wp\/v2\/types\/page"}],"author":[{"embeddable":true,"href":"https:\/\/broise-art.fr\/journal\/wp-json\/wp\/v2\/users\/1"}],"replies":[{"embeddable":true,"href":"https:\/\/broise-art.fr\/journal\/wp-json\/wp\/v2\/comments?post=763"}],"version-history":[{"count":48,"href":"https:\/\/broise-art.fr\/journal\/wp-json\/wp\/v2\/pages\/763\/revisions"}],"predecessor-version":[{"id":6612,"href":"https:\/\/broise-art.fr\/journal\/wp-json\/wp\/v2\/pages\/763\/revisions\/6612"}],"up":[{"embeddable":true,"href":"https:\/\/broise-art.fr\/journal\/wp-json\/wp\/v2\/pages\/4702"}],"wp:attachment":[{"href":"https:\/\/broise-art.fr\/journal\/wp-json\/wp\/v2\/media?parent=763"}],"curies":[{"name":"wp","href":"https:\/\/api.w.org\/{rel}","templated":true}]}}